{"id":10007246,"date":"2025-01-03T18:07:25","date_gmt":"2025-01-03T17:07:25","guid":{"rendered":"https:\/\/goujonissimo.be\/?post_type=tribe_events&#038;p=4227"},"modified":"2025-01-03T18:23:36","modified_gmt":"2025-01-03T17:23:36","slug":"oproep-tot-participatie-de-mobiele-gezondheidskiosk","status":"publish","type":"tribe_events","link":"https:\/\/goujonissimo.be\/nl\/event\/oproep-tot-participatie-de-mobiele-gezondheidskiosk\/2025-01-29\/","title":{"rendered":"Oproep tot participatie! De mobiele gezondheidskiosk"},"content":{"rendered":"<ul>\n<li><strong>VOOR WIE?<\/strong><\/li>\n<\/ul>\n<p>Voor buurtbewoners en partners uit de wijk<\/p>\n<ul>\n<li><strong>WAT?<\/strong><\/li>\n<\/ul>\n<p>Samen een mobiele gezondheidskiosk ontwikkelen voor Kuregem en Biestebroek<\/p>\n<ul>\n<li><strong>DOEL VAN HET PROJECT?<\/strong><\/li>\n<\/ul>\n<p>Gezondheidspromotie in de openbare ruimte aanbieden voor iedereen.<\/p>\n<p>Het aanbod van welzijns\u2014 en gezondheidsdiensten dichter bij de buurtbewoners brengen door zich mobiel in de wijk te bewegen.<\/p>\n<p>Bevorderen van gezondheidsvaardigheden: fysiek, mentaal en sociaal.<\/p>\n<p>Toegankelij kheid voor iedereen, met extra aandacht voor de meest kwetsbaren<\/p>\n<p>Sociale cohesie stimuleren<\/p>\n<p>&nbsp;<\/p>\n<p>&#8211;&gt; Uitwisseling van idee\u00ebn <strong>29 januari 2025 van 18.00 tot 20.00<\/strong> en <strong>30 januari van 14.00 tot 16.00<\/strong><\/p>\n<p>&nbsp;<\/p>\n","protected":false},"excerpt":{"rendered":"<p>VOOR WIE? Voor buurtbewoners en partners uit de wijk WAT? Samen een mobiele gezondheidskiosk ontwikkelen voor Kuregem en Biestebroek DOEL VAN HET PROJECT? Gezondheidspromotie in de openbare ruimte aanbieden voor [&hellip;]<\/p>\n","protected":false},"author":2,"featured_media":4228,"template":"","meta":{"_acf_changed":false,"inline_featured_image":false,"_tribe_events_status":"","_tribe_events_status_reason":"","_tribe_events_is_hybrid":"","_tribe_events_is_virtual":"","_tribe_events_virtual_video_source":"","_tribe_events_virtual_embed_video":"","_tribe_events_virtual_linked_button_text":"","_tribe_events_virtual_linked_button":"","_tribe_events_virtual_show_embed_at":"","_tribe_events_virtual_show_embed_to":[],"_tribe_events_virtual_show_on_event":"","_tribe_events_virtual_show_on_views":"","_tribe_events_virtual_url":"","footnotes":""},"tags":[],"tribe_events_cat":[],"class_list":["post-10007246","tribe_events","type-tribe_events","status-publish","has-post-thumbnail","hentry","tribe-recurring-event","tribe-recurring-event-parent"],"acf":[],"yoast_head":"<!-- This site is optimized with the Yoast SEO plugin v27.0 - https:\/\/yoast.com\/product\/yoast-seo-wordpress\/ -->\n<title>Oproep tot participatie! De mobiele gezondheidskiosk - Goujonissimo<\/title>\n<meta name=\"robots\" content=\"index, follow, max-snippet:-1, max-image-preview:large, max-video-preview:-1\" \/>\n<link rel=\"canonical\" href=\"https:\/\/goujonissimo.be\/nl\/event\/oproep-tot-participatie-de-mobiele-gezondheidskiosk\/2025-01-29\/\" \/>\n<meta property=\"og:locale\" content=\"nl_NL\" \/>\n<meta property=\"og:type\" content=\"article\" \/>\n<meta property=\"og:title\" content=\"Oproep tot participatie! De mobiele gezondheidskiosk - Goujonissimo\" \/>\n<meta property=\"og:description\" content=\"VOOR WIE? Voor buurtbewoners en partners uit de wijk WAT? Samen een mobiele gezondheidskiosk ontwikkelen voor Kuregem en Biestebroek DOEL VAN HET PROJECT? Gezondheidspromotie in de openbare ruimte aanbieden voor [&hellip;]\" \/>\n<meta property=\"og:url\" content=\"https:\/\/goujonissimo.be\/nl\/event\/oproep-tot-participatie-de-mobiele-gezondheidskiosk\/2025-01-29\/\" \/>\n<meta property=\"og:site_name\" content=\"Goujonissimo\" \/>\n<meta property=\"article:publisher\" content=\"https:\/\/www.facebook.com\/profile.php?id=100094726276943\" \/>\n<meta property=\"article:modified_time\" content=\"2025-01-03T17:23:36+00:00\" \/>\n<meta property=\"og:image\" content=\"https:\/\/goujonissimo.be\/wp-content\/uploads\/2025\/01\/Capture-decran-2025-01-03-171227-e1735924028699.png\" \/>\n\t<meta property=\"og:image:width\" content=\"1235\" \/>\n\t<meta property=\"og:image:height\" content=\"506\" \/>\n\t<meta property=\"og:image:type\" content=\"image\/png\" \/>\n<meta name=\"twitter:card\" content=\"summary_large_image\" \/>\n<meta name=\"twitter:label1\" content=\"Geschatte leestijd\" \/>\n\t<meta name=\"twitter:data1\" content=\"1 minuut\" \/>\n<script type=\"application\/ld+json\" class=\"yoast-schema-graph\">{\"@context\":\"https:\/\/schema.org\",\"@graph\":[{\"@type\":\"WebPage\",\"@id\":\"https:\/\/goujonissimo.be\/nl\/event\/oproep-tot-participatie-de-mobiele-gezondheidskiosk\/2025-01-29\/\",\"url\":\"https:\/\/goujonissimo.be\/nl\/event\/oproep-tot-participatie-de-mobiele-gezondheidskiosk\/2025-01-29\/\",\"name\":\"Oproep tot participatie! De mobiele gezondheidskiosk - Goujonissimo\",\"isPartOf\":{\"@id\":\"https:\/\/goujonissimo.be\/nl\/#website\"},\"primaryImageOfPage\":{\"@id\":\"https:\/\/goujonissimo.be\/nl\/event\/oproep-tot-participatie-de-mobiele-gezondheidskiosk\/2025-01-29\/#primaryimage\"},\"image\":{\"@id\":\"https:\/\/goujonissimo.be\/nl\/event\/oproep-tot-participatie-de-mobiele-gezondheidskiosk\/2025-01-29\/#primaryimage\"},\"thumbnailUrl\":\"https:\/\/goujonissimo.be\/wp-content\/uploads\/2025\/01\/Capture-decran-2025-01-03-171227-e1735924028699.png\",\"datePublished\":\"2025-01-03T17:07:25+00:00\",\"dateModified\":\"2025-01-03T17:23:36+00:00\",\"breadcrumb\":{\"@id\":\"https:\/\/goujonissimo.be\/nl\/event\/oproep-tot-participatie-de-mobiele-gezondheidskiosk\/2025-01-29\/#breadcrumb\"},\"inLanguage\":\"nl-NL\",\"potentialAction\":[{\"@type\":\"ReadAction\",\"target\":[\"https:\/\/goujonissimo.be\/nl\/event\/oproep-tot-participatie-de-mobiele-gezondheidskiosk\/2025-01-29\/\"]}]},{\"@type\":\"ImageObject\",\"inLanguage\":\"nl-NL\",\"@id\":\"https:\/\/goujonissimo.be\/nl\/event\/oproep-tot-participatie-de-mobiele-gezondheidskiosk\/2025-01-29\/#primaryimage\",\"url\":\"https:\/\/goujonissimo.be\/wp-content\/uploads\/2025\/01\/Capture-decran-2025-01-03-171227-e1735924028699.png\",\"contentUrl\":\"https:\/\/goujonissimo.be\/wp-content\/uploads\/2025\/01\/Capture-decran-2025-01-03-171227-e1735924028699.png\",\"width\":1235,\"height\":506},{\"@type\":\"BreadcrumbList\",\"@id\":\"https:\/\/goujonissimo.be\/nl\/event\/oproep-tot-participatie-de-mobiele-gezondheidskiosk\/2025-01-29\/#breadcrumb\",\"itemListElement\":[{\"@type\":\"ListItem\",\"position\":1,\"name\":\"Onthaal\",\"item\":\"https:\/\/goujonissimo.be\/nl\/\"},{\"@type\":\"ListItem\",\"position\":2,\"name\":\"Evenementen\",\"item\":\"https:\/\/goujonissimo.be\/nl\/events\/\"},{\"@type\":\"ListItem\",\"position\":3,\"name\":\"Oproep tot participatie! De mobiele gezondheidskiosk\"}]},{\"@type\":\"WebSite\",\"@id\":\"https:\/\/goujonissimo.be\/nl\/#website\",\"url\":\"https:\/\/goujonissimo.be\/nl\/\",\"name\":\"Goujonissimo\",\"description\":\"Espace de rencontre ou les professionnels de la sant\u00e9 et du travail social  s&#039;associent aux habitants du quartier pour cr\u00e9er \u00e0 un cadre de vie bienveillant et r\u00e9silient\",\"publisher\":{\"@id\":\"https:\/\/goujonissimo.be\/nl\/#organization\"},\"potentialAction\":[{\"@type\":\"SearchAction\",\"target\":{\"@type\":\"EntryPoint\",\"urlTemplate\":\"https:\/\/goujonissimo.be\/nl\/?s={search_term_string}\"},\"query-input\":{\"@type\":\"PropertyValueSpecification\",\"valueRequired\":true,\"valueName\":\"search_term_string\"}}],\"inLanguage\":\"nl-NL\"},{\"@type\":\"Organization\",\"@id\":\"https:\/\/goujonissimo.be\/nl\/#organization\",\"name\":\"Goujonissimo\",\"url\":\"https:\/\/goujonissimo.be\/nl\/\",\"logo\":{\"@type\":\"ImageObject\",\"inLanguage\":\"nl-NL\",\"@id\":\"https:\/\/goujonissimo.be\/nl\/#\/schema\/logo\/image\/\",\"url\":\"https:\/\/goujonissimo.be\/wp-content\/uploads\/2024\/04\/Goujonissimo_logo.png\",\"contentUrl\":\"https:\/\/goujonissimo.be\/wp-content\/uploads\/2024\/04\/Goujonissimo_logo.png\",\"width\":525,\"height\":129,\"caption\":\"Goujonissimo\"},\"image\":{\"@id\":\"https:\/\/goujonissimo.be\/nl\/#\/schema\/logo\/image\/\"},\"sameAs\":[\"https:\/\/www.facebook.com\/profile.php?id=100094726276943\",\"https:\/\/www.instagram.com\/goujonissimo\/\"]}]}<\/script>\n<!-- \/ Yoast SEO plugin. -->","yoast_head_json":{"title":"Oproep tot participatie! De mobiele gezondheidskiosk - Goujonissimo","robots":{"index":"index","follow":"follow","max-snippet":"max-snippet:-1","max-image-preview":"max-image-preview:large","max-video-preview":"max-video-preview:-1"},"canonical":"https:\/\/goujonissimo.be\/nl\/event\/oproep-tot-participatie-de-mobiele-gezondheidskiosk\/2025-01-29\/","og_locale":"nl_NL","og_type":"article","og_title":"Oproep tot participatie! De mobiele gezondheidskiosk - Goujonissimo","og_description":"VOOR WIE? Voor buurtbewoners en partners uit de wijk WAT? Samen een mobiele gezondheidskiosk ontwikkelen voor Kuregem en Biestebroek DOEL VAN HET PROJECT? Gezondheidspromotie in de openbare ruimte aanbieden voor [&hellip;]","og_url":"https:\/\/goujonissimo.be\/nl\/event\/oproep-tot-participatie-de-mobiele-gezondheidskiosk\/2025-01-29\/","og_site_name":"Goujonissimo","article_publisher":"https:\/\/www.facebook.com\/profile.php?id=100094726276943","article_modified_time":"2025-01-03T17:23:36+00:00","og_image":[{"width":1235,"height":506,"url":"https:\/\/goujonissimo.be\/wp-content\/uploads\/2025\/01\/Capture-decran-2025-01-03-171227-e1735924028699.png","type":"image\/png"}],"twitter_card":"summary_large_image","twitter_misc":{"Geschatte leestijd":"1 minuut"},"schema":{"@context":"https:\/\/schema.org","@graph":[{"@type":"WebPage","@id":"https:\/\/goujonissimo.be\/nl\/event\/oproep-tot-participatie-de-mobiele-gezondheidskiosk\/2025-01-29\/","url":"https:\/\/goujonissimo.be\/nl\/event\/oproep-tot-participatie-de-mobiele-gezondheidskiosk\/2025-01-29\/","name":"Oproep tot participatie! De mobiele gezondheidskiosk - Goujonissimo","isPartOf":{"@id":"https:\/\/goujonissimo.be\/nl\/#website"},"primaryImageOfPage":{"@id":"https:\/\/goujonissimo.be\/nl\/event\/oproep-tot-participatie-de-mobiele-gezondheidskiosk\/2025-01-29\/#primaryimage"},"image":{"@id":"https:\/\/goujonissimo.be\/nl\/event\/oproep-tot-participatie-de-mobiele-gezondheidskiosk\/2025-01-29\/#primaryimage"},"thumbnailUrl":"https:\/\/goujonissimo.be\/wp-content\/uploads\/2025\/01\/Capture-decran-2025-01-03-171227-e1735924028699.png","datePublished":"2025-01-03T17:07:25+00:00","dateModified":"2025-01-03T17:23:36+00:00","breadcrumb":{"@id":"https:\/\/goujonissimo.be\/nl\/event\/oproep-tot-participatie-de-mobiele-gezondheidskiosk\/2025-01-29\/#breadcrumb"},"inLanguage":"nl-NL","potentialAction":[{"@type":"ReadAction","target":["https:\/\/goujonissimo.be\/nl\/event\/oproep-tot-participatie-de-mobiele-gezondheidskiosk\/2025-01-29\/"]}]},{"@type":"ImageObject","inLanguage":"nl-NL","@id":"https:\/\/goujonissimo.be\/nl\/event\/oproep-tot-participatie-de-mobiele-gezondheidskiosk\/2025-01-29\/#primaryimage","url":"https:\/\/goujonissimo.be\/wp-content\/uploads\/2025\/01\/Capture-decran-2025-01-03-171227-e1735924028699.png","contentUrl":"https:\/\/goujonissimo.be\/wp-content\/uploads\/2025\/01\/Capture-decran-2025-01-03-171227-e1735924028699.png","width":1235,"height":506},{"@type":"BreadcrumbList","@id":"https:\/\/goujonissimo.be\/nl\/event\/oproep-tot-participatie-de-mobiele-gezondheidskiosk\/2025-01-29\/#breadcrumb","itemListElement":[{"@type":"ListItem","position":1,"name":"Onthaal","item":"https:\/\/goujonissimo.be\/nl\/"},{"@type":"ListItem","position":2,"name":"Evenementen","item":"https:\/\/goujonissimo.be\/nl\/events\/"},{"@type":"ListItem","position":3,"name":"Oproep tot participatie! De mobiele gezondheidskiosk"}]},{"@type":"WebSite","@id":"https:\/\/goujonissimo.be\/nl\/#website","url":"https:\/\/goujonissimo.be\/nl\/","name":"Goujonissimo","description":"Espace de rencontre ou les professionnels de la sant\u00e9 et du travail social  s&#039;associent aux habitants du quartier pour cr\u00e9er \u00e0 un cadre de vie bienveillant et r\u00e9silient","publisher":{"@id":"https:\/\/goujonissimo.be\/nl\/#organization"},"potentialAction":[{"@type":"SearchAction","target":{"@type":"EntryPoint","urlTemplate":"https:\/\/goujonissimo.be\/nl\/?s={search_term_string}"},"query-input":{"@type":"PropertyValueSpecification","valueRequired":true,"valueName":"search_term_string"}}],"inLanguage":"nl-NL"},{"@type":"Organization","@id":"https:\/\/goujonissimo.be\/nl\/#organization","name":"Goujonissimo","url":"https:\/\/goujonissimo.be\/nl\/","logo":{"@type":"ImageObject","inLanguage":"nl-NL","@id":"https:\/\/goujonissimo.be\/nl\/#\/schema\/logo\/image\/","url":"https:\/\/goujonissimo.be\/wp-content\/uploads\/2024\/04\/Goujonissimo_logo.png","contentUrl":"https:\/\/goujonissimo.be\/wp-content\/uploads\/2024\/04\/Goujonissimo_logo.png","width":525,"height":129,"caption":"Goujonissimo"},"image":{"@id":"https:\/\/goujonissimo.be\/nl\/#\/schema\/logo\/image\/"},"sameAs":["https:\/\/www.facebook.com\/profile.php?id=100094726276943","https:\/\/www.instagram.com\/goujonissimo\/"]}]}},"_links":{"self":[{"href":"https:\/\/goujonissimo.be\/nl\/wp-json\/wp\/v2\/tribe_events\/10007246","targetHints":{"allow":["GET"]}}],"collection":[{"href":"https:\/\/goujonissimo.be\/nl\/wp-json\/wp\/v2\/tribe_events"}],"about":[{"href":"https:\/\/goujonissimo.be\/nl\/wp-json\/wp\/v2\/types\/tribe_events"}],"author":[{"embeddable":true,"href":"https:\/\/goujonissimo.be\/nl\/wp-json\/wp\/v2\/users\/2"}],"version-history":[{"count":0,"href":"https:\/\/goujonissimo.be\/nl\/wp-json\/wp\/v2\/tribe_events\/10007246\/revisions"}],"wp:featuredmedia":[{"embeddable":true,"href":"https:\/\/goujonissimo.be\/nl\/wp-json\/wp\/v2\/media\/4228"}],"wp:attachment":[{"href":"https:\/\/goujonissimo.be\/nl\/wp-json\/wp\/v2\/media?parent=10007246"}],"wp:term":[{"taxonomy":"post_tag","embeddable":true,"href":"https:\/\/goujonissimo.be\/nl\/wp-json\/wp\/v2\/tags?post=10007246"},{"taxonomy":"tribe_events_cat","embeddable":true,"href":"https:\/\/goujonissimo.be\/nl\/wp-json\/wp\/v2\/tribe_events_cat?post=10007246"}],"curies":[{"name":"wp","href":"https:\/\/api.w.org\/{rel}","templated":true}]}}